{"id":1724,"date":"2022-08-11T14:36:19","date_gmt":"2022-08-11T14:36:19","guid":{"rendered":"https:\/\/argyle5.thedev.ca\/le-recours-collectif\/"},"modified":"2022-08-18T21:38:43","modified_gmt":"2022-08-18T21:38:43","slug":"le-recours-collectif","status":"publish","type":"page","link":"https:\/\/argyle5.thedev.ca\/fr\/le-recours-collectif\/","title":{"rendered":"Le recours collectif"},"content":{"rendered":"<div class=\"fusion-fullwidth fullwidth-box fusion-builder-row-1 fusion-flex-container has-pattern-background has-mask-background nonhundred-percent-fullwidth non-hundred-percent-height-scrolling\" style=\"background-color: rgba(255,255,255,0);background-position: left top;background-repeat: no-repeat;border-width: 0px 0px 0px 0px;border-color:var(--awb-color4);border-style:solid;\" ><div class=\"fusion-builder-row fusion-row fusion-flex-align-items-center\" style=\"max-width:1216.8px;margin-left: calc(-4% \/ 2 );margin-right: calc(-4% \/ 2 );\"><div class=\"fusion-layout-column fusion_builder_column fusion-builder-column-0 fusion_builder_column_1_1 1_1 fusion-flex-column\"><div class=\"fusion-column-wrapper fusion-flex-justify-content-center fusion-content-layout-column\" style=\"background-position:left top;background-blend-mode: overlay;background-repeat:no-repeat;-webkit-background-size:cover;-moz-background-size:cover;-o-background-size:cover;background-size:cover;padding: 0px 0px 0px 0px;\"><div class=\"fusion-text fusion-text-1\"><h2>Recours collectif pour les enfants retir\u00e9s de leur foyer<\/h2>\n<p>Les individus des Premi\u00e8res Nations qui n&rsquo;ont pas atteint l&rsquo;\u00e2ge de la majorit\u00e9 et qui ont \u00e9t\u00e9 retir\u00e9s de leur foyer par les Services de protection de l&rsquo;enfance et plac\u00e9s dans un \u00e9tablissement financ\u00e9 par les Services aux Autochtones du Canada (SAIC) entre le 1er avril 1991 et le 31 mars 2022, et qui r\u00e9sidaient dans une r\u00e9serve ou au Yukon entre le 1er avril 1991 et le 31 mars 2022.<\/p>\n<h2>Recours collectif pour les familles d\u2019enfants retir\u00e9s<\/h2>\n<p>Les parents ou grands-parents qui \u00e9taient les principaux responsables de la garde d&rsquo;un membre des Premi\u00e8res Nations mineur et qui a \u00e9t\u00e9 pris en charge par les Services de protection de l&rsquo;enfance et plac\u00e9 dans un \u00e9tablissement financ\u00e9 par les Services aux Autochtones du Canada (SAIC) entre le 1er avril 1991 et le 31 mars 2022, et qui r\u00e9sidait dans une r\u00e9serve ou au Yukon entre le 1er avril 1991 et le 31 mars 2022.<\/p>\n<h2>Recours collectif relatif au principe de Jordan<\/h2>\n<p>Les membres des Premi\u00e8res Nations qui \u00e9taient mineurs et qui, au cours de la p\u00e9riode du 12 d\u00e9cembre 2007 au 2 novembre 2017 :<\/p>\n<ul>\n<li>Se sont vu refuser des services essentiels et des soutiens parce que le gouvernement du Canada n\u2019a pas respect\u00e9 le principe de Jordan; et\/ou<\/li>\n<li>Ont \u00e9t\u00e9 confront\u00e9s \u00e0 un retard dans la prestation des services essentiels en raison d\u2019un manque de financement ou d\u2019un conflit de comp\u00e9tences entre le gouvernement f\u00e9d\u00e9ral et les gouvernements provinciaux ou territoriaux.<\/li>\n<\/ul>\n<h2>Recours collectif relatif au principe de Jordan pour les familles<\/h2>\n<p>Les personnes qui s\u2019occupaient principalement d\u2019un membre des Premi\u00e8res Nations qui \u00e9tait mineur et qui, au cours de la p\u00e9riode du 12 d\u00e9cembre 2007 au 2 novembre 2017 :<\/p>\n<ul>\n<li>s&rsquo;est vu refuser des services et des soutiens essentiels parce que le gouvernement du Canada n&rsquo;a pas respect\u00e9 et fait respecter le principe de Jordan, et\/ou<\/li>\n<li>Ont \u00e9t\u00e9 confront\u00e9s \u00e0 un retard dans la prestation des services essentiels en raison d\u2019un manque de financement ou d\u2019un conflit de comp\u00e9tences entre le gouvernement f\u00e9d\u00e9ral et les gouvernements provinciaux ou territoriaux.<\/li>\n<\/ul>\n<h2>Recours collectif relatif \u00e0 Trout<\/h2>\n<p>Les membres des Premi\u00e8res Nations qui \u00e9taient mineurs et qui, entre le 1er avril 1991 et le 11 d\u00e9cembre 2007, n\u2019ont pas re\u00e7u de services essentiels du Canada, soit en raison d\u2019un refus ou d\u2019un manque de service \u00e0 cause :<\/p>\n<ul>\n<li>D\u2019un manque de financement<\/li>\n<li>D\u2019un manque de juridiction<\/li>\n<li>D\u2019une dispute juridictionnelle entre gouvernements<\/li>\n<\/ul>\n<p>Les parents ou les grands-parents d&rsquo;enfants qui ont \u00e9t\u00e9 retir\u00e9s de leur foyer ou qui se sont vu refuser l&rsquo;acc\u00e8s \u00e0 un service essentiel peuvent \u00e9galement \u00eatre en mesure de recevoir une indemnisation.<\/p>\n<h2>Recours collectif relatif \u00e0 Trout pour les familles<\/h2>\n<p>Les personnes qui \u00e9taient mineures et qui, entre le 1er avril 1991 et le 11 d\u00e9cembre 2007, n\u2019ont pas re\u00e7u de services essentiels du Canada, soit en raison d\u2019un refus ou d\u2019un manque de service \u00e0 cause :<\/p>\n<ul>\n<li>D\u2019un manque de financement<\/li>\n<li>D\u2019un manque de juridiction<\/li>\n<li>D\u2019une dispute juridictionnelle entre gouvernements<\/li>\n<\/ul>\n<\/div><\/div><style type=\"text\/css\">.fusion-body .fusion-builder-column-0{width:100% !important;margin-top : 0px;margin-bottom : 0px;}.fusion-builder-column-0 > .fusion-column-wrapper {padding-top : 0px !important;padding-right : 0px !important;margin-right : 1.92%;padding-bottom : 0px !important;padding-left : 0px !important;margin-left : 1.92%;}@media only screen and (max-width:1024px) {.fusion-body .fusion-builder-column-0{width:100% !important;margin-bottom : 20px;}.fusion-builder-column-0 > .fusion-column-wrapper {margin-right : 1.92%;margin-left : 1.92%;}}@media only screen and (max-width:640px) {.fusion-body .fusion-builder-column-0{width:100% !important;}.fusion-builder-column-0 > .fusion-column-wrapper {margin-right : 1.92%;margin-left : 1.92%;}}<\/style><\/div><\/div><style type=\"text\/css\">.fusion-body .fusion-flex-container.fusion-builder-row-1{ padding-top : 100px;margin-top : 0px;padding-right : 0px;padding-bottom : 100px;margin-bottom : 0px;padding-left : 0px;}@media only screen and (max-width:640px) {.fusion-body .fusion-flex-container.fusion-builder-row-1{ padding-top : 72px;padding-bottom : 80px;}}<\/style><\/div>\n","protected":false},"excerpt":{"rendered":"","protected":false},"author":4,"featured_media":0,"parent":0,"menu_order":0,"comment_status":"closed","ping_status":"closed","template":"100-width.php","meta":{"_links_to":"","_links_to_target":""},"_links":{"self":[{"href":"https:\/\/argyle5.thedev.ca\/fr\/wp-json\/wp\/v2\/pages\/1724"}],"collection":[{"href":"https:\/\/argyle5.thedev.ca\/fr\/wp-json\/wp\/v2\/pages"}],"about":[{"href":"https:\/\/argyle5.thedev.ca\/fr\/wp-json\/wp\/v2\/types\/page"}],"author":[{"embeddable":true,"href":"https:\/\/argyle5.thedev.ca\/fr\/wp-json\/wp\/v2\/users\/4"}],"replies":[{"embeddable":true,"href":"https:\/\/argyle5.thedev.ca\/fr\/wp-json\/wp\/v2\/comments?post=1724"}],"version-history":[{"count":2,"href":"https:\/\/argyle5.thedev.ca\/fr\/wp-json\/wp\/v2\/pages\/1724\/revisions"}],"predecessor-version":[{"id":1726,"href":"https:\/\/argyle5.thedev.ca\/fr\/wp-json\/wp\/v2\/pages\/1724\/revisions\/1726"}],"wp:attachment":[{"href":"https:\/\/argyle5.thedev.ca\/fr\/wp-json\/wp\/v2\/media?parent=1724"}],"curies":[{"name":"wp","href":"https:\/\/api.w.org\/{rel}","templated":true}]}}